{"id":1421,"date":"2022-10-04T22:14:27","date_gmt":"2022-10-04T20:14:27","guid":{"rendered":"https:\/\/www.camping-residea.com\/home\/"},"modified":"2023-12-14T14:35:18","modified_gmt":"2023-12-14T13:35:18","slug":"home","status":"publish","type":"page","link":"https:\/\/www.camping-residea.com\/nl\/","title":{"rendered":"Home"},"content":{"rendered":"\n<h1 class=\"wp-block-heading has-text-align-center\">Uw familiecamping het hele jaar geopend in Saint Hilaire de Riez in de Vend\u00e9e<\/h1>\n\n\n\n<h2 class=\"wp-block-heading\">Camping R\u00e9sid\u00e9a*** ligt in St Hilaire de Riez in de Vend\u00e9e tussen ST Gilles Croix de Vie en Saint Jean de Monts in de buurt van de stranden en bossen van de regio Saint Gilles Croix de Vie.<\/h2>\n\n\n\n<p><br>Wij ontvangen u in een vriendelijke omgeving met een warme en familiale sfeer. De camping bestaat uit 95 door heggen gescheiden plaatsen. Village beveiligd door afstandsbediening of digicode.<br>Wij stellen u de huur voor van Mobil-Homes All Comfort van april tot september en u zult kunnen profiteren van onze mooie geanimeerde avonden (juli en augustus) in familieverband of tussen vrienden en van onze feesten en spelletjes met thema&#8217;s in ons snackbar restaurant, rond een goede maaltijd.<\/p>\n\n\n\n<p><br>U kunt van 1 april tot 1 oktober genieten van ons overdekte en verwarmde zwembad met een groot bad en een peuterbad voor de kleintjes en een ontspanningsruimte met ligbedden.<\/p>\n\n\n\n<div class=\"wp-block-group alignfull has-gris-clair-background-color has-background is-layout-flow wp-block-group-is-layout-flow\">\n<h2 class=\"wp-block-heading has-text-align-center h1-like\" id=\"le-camping\">Camping in Saint Hilaire de Riez<\/h2>\n\n\n\n<div style=\"height:15px\" aria-hidden=\"true\" class=\"wp-block-spacer\"><\/div>\n\n\n\n<div class=\"wp-block-group alignfull is-layout-flow wp-block-group-is-layout-flow\" style=\"padding-top:0px;padding-right:0px;padding-bottom:0px;padding-left:0px\">\n<div class=\"wp-block-columns is-layout-flex wp-container-core-columns-is-layout-28f84493 wp-block-columns-is-layout-flex\">\n<div class=\"wp-block-column is-layout-flow wp-block-column-is-layout-flow\">\n<a id=\"services\" class=\"wp-block-sev-encart-photo\" href=\"https:\/\/www.camping-residea.com\/nl\/diensten\/\" title=\"Diensten\"><img decoding=\"async\" class=\"recipe-image\" src=\"https:\/\/www.camping-residea.com\/wp-content\/uploads\/2022\/12\/service2.jpg\" alt=\"\"><div class=\"wp-block-sev-encart-photo-text\">Onze diensten<\/div><\/a>\n<\/div>\n\n\n\n<div class=\"wp-block-column is-layout-flow wp-block-column-is-layout-flow\">\n<a id=\"les-plus\" class=\"wp-block-sev-encart-photo\" href=\"https:\/\/www.camping-residea.com\/nl\/de-voordelen-van-de-camping\/\" title=\"Les plus du camping\"><img decoding=\"async\" class=\"recipe-image\" src=\"https:\/\/www.camping-residea.com\/wp-content\/uploads\/2023\/01\/Photos-MH-Pomme-de-Pin-Exterieur-1024x576-1.jpg\" alt=\"\"\/><div class=\"wp-block-sev-encart-photo-text\">De voordelen van de camping<\/div><\/a>\n<\/div>\n<\/div>\n\n\n\n<div class=\"wp-block-columns is-layout-flex wp-container-core-columns-is-layout-28f84493 wp-block-columns-is-layout-flex\">\n<div class=\"wp-block-column is-layout-flow wp-block-column-is-layout-flow\">\n<a class=\"wp-block-sev-encart-photo aligncenter h1-like\" id=\"piscine\" href=\"https:\/\/www.camping-residea.com\/nl\/het-zwembad\/\" title=\"Het zwembad\"><img decoding=\"async\" class=\"recipe-image\" src=\"https:\/\/www.camping-residea.com\/wp-content\/uploads\/2023\/01\/Home-1024x498-1.jpg\" alt=\"\"><div class=\"wp-block-sev-encart-photo-text\">Het zwembad<\/div><\/a>\n<\/div>\n\n\n\n<div class=\"wp-block-column is-layout-flow wp-block-column-is-layout-flow\">\n<a class=\"wp-block-sev-encart-photo aligncenter\" id=\"etat-esprit\" href=\"https:\/\/www.camping-residea.com\/nl\/de-geest-van-de-camping\/\" title=\"De geest van de camping\"><img decoding=\"async\" class=\"recipe-image\" src=\"https:\/\/www.camping-residea.com\/wp-content\/uploads\/2022\/12\/camping1.jpg\" alt=\"\"><div class=\"wp-block-sev-encart-photo-text\">De geest van de camping<\/div><\/a>\n<\/div>\n<\/div>\n<\/div>\n<\/div>\n\n\n\n<div style=\"height:18px\" aria-hidden=\"true\" class=\"wp-block-spacer\"><\/div>\n\n\n\n<h2 class=\"wp-block-heading has-text-align-center h1-like\" id=\"hebergement\">Accommodatie &amp; tarieven<\/h2>\n\n\n\n<p class=\"has-text-align-center\">Camping R\u00e9sid\u00e9a*** in Saint Hilaire de Riez biedt u comfortabele accommodatie.<\/p>\n\n\n\n<div style=\"height:14px\" aria-hidden=\"true\" class=\"wp-block-spacer\"><\/div>\n\n\n\n<div class=\"wp-block-columns alignwide is-layout-flex wp-container-core-columns-is-layout-28f84493 wp-block-columns-is-layout-flex\">\n<div class=\"wp-block-column is-layout-flow wp-block-column-is-layout-flow\">\n<a class=\"wp-block-sev-encart-photo\" href=\"https:\/\/www.camping-residea.com\/nl\/hebergement\/stacaravan-pomme-de-pin\/\" title=\"\"><img decoding=\"async\" class=\"recipe-image\" src=\"https:\/\/www.camping-residea.com\/wp-content\/uploads\/2023\/01\/Photos-MH-Pomme-de-Pin-Exterieur-1024x576-1.jpg\" alt=\"\"><div class=\"wp-block-sev-encart-photo-text\">Stacaravan Dennenappel 4 pers. 2 ea<\/div><\/a>\n<\/div>\n\n\n\n<div class=\"wp-block-column is-layout-flow wp-block-column-is-layout-flow\">\n<a class=\"wp-block-sev-encart-photo\" href=\"https:\/\/www.camping-residea.com\/nl\/hebergement\/stacaravan-familie\/\" title=\"\"><img decoding=\"async\" class=\"recipe-image\" src=\"https:\/\/www.camping-residea.com\/wp-content\/uploads\/2022\/12\/00001013827.webp\" alt=\"\"><div class=\"wp-block-sev-encart-photo-text\">Stacaravan Gezin 4\/5 pers. 2 ea<\/div><\/a>\n<\/div>\n\n\n\n<div class=\"wp-block-column is-layout-flow wp-block-column-is-layout-flow\">\n<a class=\"wp-block-sev-encart-photo\" href=\"https:\/\/www.camping-residea.com\/nl\/hebergement\/premium-stacaravan\/\" title=\"\"><img decoding=\"async\" class=\"recipe-image\" src=\"https:\/\/www.camping-residea.com\/wp-content\/uploads\/2022\/12\/00001013829.webp\" alt=\"\"><div class=\"wp-block-sev-encart-photo-text\">Stacaravan Premium 4\/5 pers. 2 ea<\/div><\/a>\n<\/div>\n<\/div>\n\n\n\n<div class=\"wp-block-columns alignwide is-layout-flex wp-container-core-columns-is-layout-28f84493 wp-block-columns-is-layout-flex\">\n<div class=\"wp-block-column is-layout-flow wp-block-column-is-layout-flow\">\n<a class=\"wp-block-sev-encart-photo\" href=\"https:\/\/www.camping-residea.com\/nl\/hebergement\/comfort-stacaravan\/\" title=\"\"><img decoding=\"async\" class=\"recipe-image\" src=\"https:\/\/www.camping-residea.com\/wp-content\/uploads\/2022\/12\/00001013839.webp\" alt=\"\"><div class=\"wp-block-sev-encart-photo-text\">Comfort stacaravan 6\/7 pers. 3 ea<\/div><\/a>\n<\/div>\n\n\n\n<div class=\"wp-block-column is-layout-flow wp-block-column-is-layout-flow\">\n<a class=\"wp-block-sev-encart-photo\" href=\"https:\/\/www.camping-residea.com\/nl\/hebergement\/woonwagen\/\" title=\"\"><img decoding=\"async\" class=\"recipe-image\" src=\"https:\/\/www.camping-residea.com\/wp-content\/uploads\/2022\/12\/00001013840.webp\" alt=\"\"><div class=\"wp-block-sev-encart-photo-text\">Woonstacaravan 6\/7 pers. 3bed 2bad<\/div><\/a>\n<\/div>\n<\/div>\n\n\n\n<div style=\"height:21px\" aria-hidden=\"true\" class=\"wp-block-spacer\"><\/div>\n\n\n\n<a class=\"wp-block-sev-encart-photo alignfull\" id=\"devenez-proprietaires\" href=\"https:\/\/www.camping-residea.com\/nl\/eigenaar-worden\/\" title=\"Eigenaar worden\"><img decoding=\"async\" class=\"recipe-image\" src=\"https:\/\/www.camping-residea.com\/wp-content\/uploads\/2023\/01\/20220310_162110-scaled.jpg\" alt=\"\"><div class=\"wp-block-sev-encart-photo-text\">Eigenaar worden<\/div><\/a>\n\n\n\n<div style=\"height:16px\" aria-hidden=\"true\" class=\"wp-block-spacer\"><\/div>\n\n\n\n<h1 class=\"wp-block-heading has-text-align-center\" id=\"activites\">Activiteiten en amusement<\/h1>\n\n\n\n<div style=\"height:14px\" aria-hidden=\"true\" class=\"wp-block-spacer\"><\/div>\n\n\n\n<div class=\"wp-block-columns alignwide is-layout-flex wp-container-core-columns-is-layout-28f84493 wp-block-columns-is-layout-flex\">\n<div class=\"wp-block-column is-layout-flow wp-block-column-is-layout-flow\">\n<a class=\"wp-block-sev-encart-photo\" href=\"https:\/\/www.camping-residea.com\/nl\/vermaak-overdag\/\" title=\"Vermaak overdag\"><img decoding=\"async\" class=\"recipe-image\" src=\"https:\/\/www.camping-residea.com\/wp-content\/uploads\/2023\/01\/fb5-1024x498-1.jpg\" alt=\"\"><div class=\"wp-block-sev-encart-photo-text\">animaties<\/div><\/a>\n<\/div>\n\n\n\n<div class=\"wp-block-column is-layout-flow wp-block-column-is-layout-flow\">\n<a class=\"wp-block-sev-encart-photo\" href=\"https:\/\/www.camping-residea.com\/nl\/de-uitrusting\/\" title=\"De uitrusting\"><img decoding=\"async\" class=\"recipe-image\" src=\"https:\/\/www.camping-residea.com\/wp-content\/uploads\/2023\/01\/photos-1-1024x498-1.jpg\" alt=\"\"><div class=\"wp-block-sev-encart-photo-text\">De uitrusting<\/div><\/a>\n<\/div>\n\n\n\n<div class=\"wp-block-column is-layout-flow wp-block-column-is-layout-flow\">\n<a class=\"wp-block-sev-encart-photo\" href=\"https:\/\/www.camping-residea.com\/nl\/de-avonden\/\" title=\"De avonden\"><img decoding=\"async\" class=\"recipe-image\" src=\"https:\/\/www.camping-residea.com\/wp-content\/uploads\/2023\/01\/fb6-1024x498-1.jpg\" alt=\"\"><div class=\"wp-block-sev-encart-photo-text\">De avonden<\/div><\/a>\n<\/div>\n<\/div>\n\n\n\n<a class=\"wp-block-sev-encart-photo alignfull h1-like\" id=\"saint-hilaire\" href=\"https:\/\/www.camping-residea.com\/nl\/ontdek-saint-hilaire-de-riez\/\" title=\"De Saint hilaire de riez ervaring\"><img decoding=\"async\" class=\"recipe-image\" src=\"https:\/\/www.camping-residea.com\/wp-content\/uploads\/2023\/01\/saint-hilaire-de-riez-IMG_1214-1024x683-1.jpg\" alt=\"\"><div class=\"wp-block-sev-encart-photo-text\">Saint Hilaire de Riez<\/div><\/a>\n\n\n\n<div class=\"wp-block-group alignfull has-gris-clair-background-color has-background is-layout-flow wp-block-group-is-layout-flow\">\n<h2 class=\"wp-block-heading has-text-align-center h1-like\" id=\"a-decouvrir\">Te ontdekken in de buurt van de camping<\/h2>\n\n\n\n<div style=\"height:13px\" aria-hidden=\"true\" class=\"wp-block-spacer\"><\/div>\n\n\n\n<div class=\"wp-block-columns is-layout-flex wp-container-core-columns-is-layout-28f84493 wp-block-columns-is-layout-flex\">\n<div class=\"wp-block-column is-layout-flow wp-block-column-is-layout-flow\">\n<a class=\"wp-block-sev-encart-photo\" href=\"https:\/\/www.camping-residea.com\/nl\/zeezijde\/\" title=\"C\u00f4t\u00e9 mer et \u00eeles\"><img decoding=\"async\" class=\"recipe-image\" src=\"https:\/\/www.camping-residea.com\/wp-content\/uploads\/2023\/01\/saint-hilaire-de-riez-IMG_3763-1024x683-1.jpg\" alt=\"\"\/><div class=\"wp-block-sev-encart-photo-text\">Zeezijde<\/div><\/a>\n<\/div>\n\n\n\n<div class=\"wp-block-column is-layout-flow wp-block-column-is-layout-flow\">\n<a class=\"wp-block-sev-encart-photo\" href=\"https:\/\/www.camping-residea.com\/nl\/stadskant\/\" title=\"C\u00f4t\u00e9 ville\"><img decoding=\"async\" class=\"recipe-image\" src=\"https:\/\/www.camping-residea.com\/wp-content\/uploads\/2022\/10\/le-kiosque-IMG_1815.jpg\" alt=\"\"\/><div class=\"wp-block-sev-encart-photo-text\">Stadskant<\/div><\/a>\n<\/div>\n\n\n\n<div class=\"wp-block-column is-layout-flow wp-block-column-is-layout-flow\">\n<a class=\"wp-block-sev-encart-photo\" href=\"https:\/\/www.camping-residea.com\/nl\/vrije-tijd\/\" title=\"C\u00f4t\u00e9 loisirs\"><img decoding=\"async\" class=\"recipe-image\" src=\"https:\/\/www.camping-residea.com\/wp-content\/uploads\/2022\/10\/IMG_8379.jpg\" alt=\"\"\/><div class=\"wp-block-sev-encart-photo-text\">Vrije tijd<\/div><\/a>\n<\/div>\n<\/div>\n<\/div>\n\n\n\n<div class=\"wp-block-group alignfull front-page-anchor has-gris-clair-background-color has-background is-layout-flow wp-block-group-is-layout-flow\">\n<h2 class=\"wp-block-heading has-text-align-center h1-like\" id=\"infos\">Praktische informatie<\/h2>\n\n\n\n<div class=\"wp-block-columns is-layout-flex wp-container-core-columns-is-layout-28f84493 wp-block-columns-is-layout-flex\">\n<div class=\"wp-block-column has-orange-background-color has-background is-layout-flow wp-block-column-is-layout-flow\" style=\"padding-top:2rem;padding-right:1rem;padding-bottom:2rem;padding-left:1rem\">\n<p class=\"has-text-align-center has-blanc-color has-text-color has-moyen-font-size\" id=\"faq\"><strong>Toegang\/Contact<\/strong><\/p>\n\n\n\n<figure class=\"wp-block-image aligncenter size-full\"><a href=\"https:\/\/www.camping-residea.com\/contact\/\"><img loading=\"lazy\" decoding=\"async\" width=\"83\" height=\"78\" src=\"https:\/\/www.camping-residea.com\/wp-content\/uploads\/2022\/10\/faq-1.png\" alt=\"\" class=\"wp-image-126\"\/><\/a><\/figure>\n\n\n\n<div class=\"wp-block-buttons is-layout-flex wp-block-buttons-is-layout-flex\">\n<div class=\"wp-block-button is-style-outline is-style-outline--1\"><a class=\"wp-block-button__link has-blanc-color has-gris-fonce-background-color has-text-color has-background wp-element-button\" href=\"https:\/\/www.camping-residea.com\/nl\/neem-contact-op-met\/\" style=\"border-radius:0px\">Meer lezen<\/a><\/div>\n<\/div>\n<\/div>\n\n\n\n<div class=\"wp-block-column has-orange-background-color has-background is-layout-flow wp-block-column-is-layout-flow\" style=\"padding-top:2rem;padding-right:1rem;padding-bottom:2rem;padding-left:1rem\">\n<p class=\"has-text-align-center has-blanc-color has-text-color has-moyen-font-size\" id=\"galerie\"><strong>FOTOGALLERIJ<\/strong><\/p>\n\n\n\n<figure class=\"wp-block-image aligncenter size-full\"><a href=\"https:\/\/www.camping-residea.com\/galerie-photos\/\"><img loading=\"lazy\" decoding=\"async\" width=\"139\" height=\"100\" src=\"https:\/\/www.camping-residea.com\/wp-content\/uploads\/2022\/10\/galerie-photos2.png\" alt=\"\" class=\"wp-image-110\"\/><\/a><\/figure>\n\n\n\n<div class=\"wp-block-buttons is-layout-flex wp-block-buttons-is-layout-flex\">\n<div class=\"wp-block-button is-style-outline is-style-outline--2\"><a class=\"wp-block-button__link has-blanc-color has-gris-fonce-background-color has-text-color has-background wp-element-button\" href=\"https:\/\/www.camping-residea.com\/nl\/foto-galerij\/\" style=\"border-radius:0px\">Meer lezen<\/a><\/div>\n<\/div>\n<\/div>\n\n\n\n<div class=\"wp-block-column has-orange-background-color has-background is-layout-flow wp-block-column-is-layout-flow\" style=\"padding-top:2rem;padding-right:1rem;padding-bottom:2rem;padding-left:1rem\">\n<p class=\"has-text-align-center has-blanc-color has-text-color has-moyen-font-size\" id=\"telechargements\"><strong>DOWNLOADS<\/strong><\/p>\n\n\n\n<ul class=\"wp-block-list\">\n<li><a href=\"https:\/\/www.camping-residea.com\/wp-content\/uploads\/2023\/12\/TARIFS-2024-RESIDEA_2.pdf\" target=\"_blank\" rel=\"noreferrer noopener\"><mark style=\"background-color:rgba(0, 0, 0, 0)\" class=\"has-inline-color has-blanc-color\">Tarieven<\/mark><\/a><\/li>\n\n\n\n<li><a href=\"https:\/\/www.camping-residea.com\/wp-content\/uploads\/2023\/01\/Plan-residea-.png\" target=\"_blank\" rel=\"noreferrer noopener\"><mark style=\"background-color:rgba(0, 0, 0, 0)\" class=\"has-inline-color has-blanc-color\">Kaart van de camping<\/mark><\/a><\/li>\n\n\n\n<li><a href=\"https:\/\/www.camping-residea.com\/wp-content\/uploads\/2023\/01\/Reglement-Interieur-Residea-2023.pdf\" target=\"_blank\" rel=\"noreferrer noopener\"><mark style=\"background-color:rgba(0, 0, 0, 0)\" class=\"has-inline-color has-blanc-color\">Reglement van orde<\/mark><\/a><\/li>\n<\/ul>\n<\/div>\n<\/div>\n\n\n\n<div class=\"wp-block-columns is-layout-flex wp-container-core-columns-is-layout-28f84493 wp-block-columns-is-layout-flex\">\n<div class=\"wp-block-column is-layout-flow wp-block-column-is-layout-flow\">\n<div class=\"wp-block-group has-orange-background-color has-background is-layout-flow wp-block-group-is-layout-flow\" style=\"padding-top:2rem;padding-right:1rem;padding-bottom:2rem;padding-left:1rem\">\n<p class=\"has-text-align-center has-blanc-color has-text-color has-moyen-font-size\" style=\"text-transform:uppercase\"><strong>Bezoek het dorp Villa Landreau<\/strong><\/p>\n\n\n\n<figure class=\"wp-block-image aligncenter size-full is-resized\"><a href=\"https:\/\/www.villa-landreau.fr\/\" target=\"_blank\" rel=\"noreferrer noopener\"><img loading=\"lazy\" decoding=\"async\" width=\"800\" height=\"275\" src=\"https:\/\/www.camping-residea.com\/wp-content\/uploads\/2023\/01\/1oree.jpg\" alt=\"villa landreau\" class=\"wp-image-731\" style=\"width:600px;height:206px\" srcset=\"https:\/\/www.camping-residea.com\/wp-content\/uploads\/2023\/01\/1oree.jpg 800w, https:\/\/www.camping-residea.com\/wp-content\/uploads\/2023\/01\/1oree-300x103.jpg 300w, https:\/\/www.camping-residea.com\/wp-content\/uploads\/2023\/01\/1oree-768x264.jpg 768w\" sizes=\"auto, (max-width: 800px) 100vw, 800px\" \/><\/a><\/figure>\n\n\n\n<div class=\"wp-block-buttons is-content-justification-center is-layout-flex wp-container-core-buttons-is-layout-a89b3969 wp-block-buttons-is-layout-flex\">\n<div class=\"wp-block-button is-style-outline is-style-outline--3\"><a class=\"wp-block-button__link has-blanc-color has-gris-fonce-background-color has-text-color has-background wp-element-button\" href=\"https:\/\/www.villa-landreau.fr\/\" style=\"border-radius:1px\" target=\"_blank\" rel=\"noreferrer noopener\">Meer lezen<\/a><\/div>\n<\/div>\n<\/div>\n<\/div>\n\n\n\n<div class=\"wp-block-column is-layout-flow wp-block-column-is-layout-flow\">\n<div class=\"wp-block-group has-orange-background-color has-background is-layout-flow wp-block-group-is-layout-flow\" style=\"padding-top:2rem;padding-right:1rem;padding-bottom:2rem;padding-left:1rem\">\n<p class=\"has-text-align-center has-blanc-color has-text-color has-moyen-font-size\" style=\"text-transform:uppercase\"><strong>Bezoek het Domaine du Chatelier<\/strong><\/p>\n\n\n\n<figure class=\"wp-block-image aligncenter size-full is-resized\"><a href=\"https:\/\/www.domainelechatelier.fr\/\" target=\"_blank\" rel=\"noreferrer noopener\"><img loading=\"lazy\" decoding=\"async\" width=\"800\" height=\"275\" src=\"https:\/\/www.camping-residea.com\/wp-content\/uploads\/2023\/01\/chatelier.jpg\" alt=\"domaine du chatelier\" class=\"wp-image-734\" style=\"width:600px;height:206px\" srcset=\"https:\/\/www.camping-residea.com\/wp-content\/uploads\/2023\/01\/chatelier.jpg 800w, https:\/\/www.camping-residea.com\/wp-content\/uploads\/2023\/01\/chatelier-300x103.jpg 300w, https:\/\/www.camping-residea.com\/wp-content\/uploads\/2023\/01\/chatelier-768x264.jpg 768w\" sizes=\"auto, (max-width: 800px) 100vw, 800px\" \/><\/a><\/figure>\n\n\n\n<div class=\"wp-block-buttons is-content-justification-center is-layout-flex wp-container-core-buttons-is-layout-a89b3969 wp-block-buttons-is-layout-flex\">\n<div class=\"wp-block-button is-style-outline is-style-outline--4\"><a class=\"wp-block-button__link has-blanc-color has-gris-fonce-background-color has-text-color has-background wp-element-button\" href=\"https:\/\/www.domainelechatelier.fr\/\" style=\"border-radius:1px\" target=\"_blank\" rel=\"noreferrer noopener\">Meer lezen<\/a><\/div>\n<\/div>\n<\/div>\n<\/div>\n<\/div>\n\n\n\n<div class=\"wp-block-columns is-layout-flex wp-container-core-columns-is-layout-28f84493 wp-block-columns-is-layout-flex\">\n<div class=\"wp-block-column is-layout-flow wp-block-column-is-layout-flow\">\n<div class=\"wp-block-group has-orange-background-color has-background is-layout-flow wp-block-group-is-layout-flow\" style=\"padding-top:2rem;padding-right:1rem;padding-bottom:2rem;padding-left:1rem\">\n<p class=\"has-text-align-center has-blanc-color has-text-color has-moyen-font-size\" style=\"text-transform:uppercase\"><strong>Bezoek het Domaine de l&#8217;Or\u00e9e des Pins<\/strong><\/p>\n\n\n\n<figure class=\"wp-block-image aligncenter size-full is-resized\"><a href=\"https:\/\/www.camping-loree-des-pins.com\/\" target=\"_blank\" rel=\"noreferrer noopener\"><img loading=\"lazy\" decoding=\"async\" width=\"800\" height=\"275\" src=\"https:\/\/www.camping-residea.com\/wp-content\/uploads\/2023\/01\/Sans-titre-1.png\" alt=\"or\u00e9e des pins\" class=\"wp-image-745\" style=\"width:600px;height:206px\" srcset=\"https:\/\/www.camping-residea.com\/wp-content\/uploads\/2023\/01\/Sans-titre-1.png 800w, https:\/\/www.camping-residea.com\/wp-content\/uploads\/2023\/01\/Sans-titre-1-300x103.png 300w, https:\/\/www.camping-residea.com\/wp-content\/uploads\/2023\/01\/Sans-titre-1-768x264.png 768w\" sizes=\"auto, (max-width: 800px) 100vw, 800px\" \/><\/a><\/figure>\n\n\n\n<div class=\"wp-block-buttons is-content-justification-center is-layout-flex wp-container-core-buttons-is-layout-a89b3969 wp-block-buttons-is-layout-flex\">\n<div class=\"wp-block-button is-style-outline is-style-outline--5\"><a class=\"wp-block-button__link has-blanc-color has-gris-fonce-background-color has-text-color has-background wp-element-button\" href=\"https:\/\/www.camping-loree-des-pins.com\/\" style=\"border-radius:0px\" target=\"_blank\" rel=\"noreferrer noopener\">Meer lezen<\/a><\/div>\n<\/div>\n<\/div>\n<\/div>\n\n\n\n<div class=\"wp-block-column has-orange-background-color has-background is-layout-flow wp-block-column-is-layout-flow\">\n<div class=\"wp-block-group is-layout-flow wp-block-group-is-layout-flow\" style=\"padding-top:2rem;padding-right:1rem;padding-bottom:2rem;padding-left:1rem\">\n<p class=\"has-text-align-center has-blanc-color has-text-color has-moyen-font-size\" style=\"text-transform:uppercase\"><strong>Bezoek het Domaine du Sableau<\/strong><\/p>\n\n\n\n<figure class=\"wp-block-image aligncenter size-full is-resized\"><a href=\"https:\/\/www.camping-le-sableau.fr\/\" target=\"_blank\" rel=\"noreferrer noopener\"><img loading=\"lazy\" decoding=\"async\" width=\"800\" height=\"275\" src=\"https:\/\/www.camping-residea.com\/wp-content\/uploads\/2023\/01\/2sableau.jpg\" alt=\"domaine du sableau\" class=\"wp-image-740\" style=\"width:600px;height:206px\" srcset=\"https:\/\/www.camping-residea.com\/wp-content\/uploads\/2023\/01\/2sableau.jpg 800w, https:\/\/www.camping-residea.com\/wp-content\/uploads\/2023\/01\/2sableau-300x103.jpg 300w, https:\/\/www.camping-residea.com\/wp-content\/uploads\/2023\/01\/2sableau-768x264.jpg 768w\" sizes=\"auto, (max-width: 800px) 100vw, 800px\" \/><\/a><\/figure>\n\n\n\n<div class=\"wp-block-buttons is-content-justification-center is-layout-flex wp-container-core-buttons-is-layout-a89b3969 wp-block-buttons-is-layout-flex\">\n<div class=\"wp-block-button is-style-outline is-style-outline--6\"><a class=\"wp-block-button__link has-blanc-color has-gris-fonce-background-color has-text-color has-background wp-element-button\" href=\"https:\/\/www.camping-le-sableau.fr\/\" style=\"border-radius:0px\" target=\"_blank\" rel=\"noreferrer noopener\">Meer lezen<\/a><\/div>\n<\/div>\n<\/div>\n<\/div>\n<\/div>\n<\/div>\n","protected":false},"excerpt":{"rendered":"<p>Uw familiecamping het hele jaar geopend in Saint Hilaire de Riez in de Vend\u00e9e Camping R\u00e9sid\u00e9a*** ligt in St Hilaire de Riez in de Vend\u00e9e tussen ST Gilles Croix de Vie en Saint Jean de Monts in de buurt van de stranden en bossen van de regio Saint Gilles Croix de Vie. Wij ontvangen u [&hellip;]<\/p>\n","protected":false},"author":1,"featured_media":0,"parent":0,"menu_order":0,"comment_status":"closed","ping_status":"open","template":"","meta":{"_seopress_robots_primary_cat":"","_seopress_titles_title":"Camping R\u00e9sid\u00e9a in Saint Hilaire de Riez","_seopress_titles_desc":"Kies voor uw vakantie de camping R\u00e9sid\u00e9a in Saint Hilaire de Riez aan de kust in de Vend\u00e9e. Boek nu uw verblijf.","_seopress_robots_index":"","footnotes":""},"class_list":["post-1421","page","type-page","status-publish","hentry"],"_links":{"self":[{"href":"https:\/\/www.camping-residea.com\/nl\/wp-json\/wp\/v2\/pages\/1421","targetHints":{"allow":["GET"]}}],"collection":[{"href":"https:\/\/www.camping-residea.com\/nl\/wp-json\/wp\/v2\/pages"}],"about":[{"href":"https:\/\/www.camping-residea.com\/nl\/wp-json\/wp\/v2\/types\/page"}],"author":[{"embeddable":true,"href":"https:\/\/www.camping-residea.com\/nl\/wp-json\/wp\/v2\/users\/1"}],"replies":[{"embeddable":true,"href":"https:\/\/www.camping-residea.com\/nl\/wp-json\/wp\/v2\/comments?post=1421"}],"version-history":[{"count":10,"href":"https:\/\/www.camping-residea.com\/nl\/wp-json\/wp\/v2\/pages\/1421\/revisions"}],"predecessor-version":[{"id":2284,"href":"https:\/\/www.camping-residea.com\/nl\/wp-json\/wp\/v2\/pages\/1421\/revisions\/2284"}],"wp:attachment":[{"href":"https:\/\/www.camping-residea.com\/nl\/wp-json\/wp\/v2\/media?parent=1421"}],"curies":[{"name":"wp","href":"https:\/\/api.w.org\/{rel}","templated":true}]}}